{"id":912,"date":"2018-07-31T23:43:14","date_gmt":"2018-07-31T21:43:14","guid":{"rendered":"https:\/\/beta.sg-griesingen.de\/?page_id=912"},"modified":"2026-01-20T20:26:25","modified_gmt":"2026-01-20T19:26:25","slug":"vorstandschaft","status":"publish","type":"page","link":"https:\/\/www.sg-griesingen.de\/index.php\/vorstandschaft\/","title":{"rendered":"Vorstandschaft"},"content":{"rendered":"<div id=\"pl-912\"  class=\"panel-layout\" ><div id=\"pg-912-0\"  class=\"panel-grid panel-has-style\" ><div style=\"padding: 0px 0; \" data-overlay=\"true\" data-overlay-color=\"#000000\" class=\"panel-row-style panel-row-style-for-912-0\" ><div id=\"pgc-912-0-0\"  class=\"panel-grid-cell\" ><div id=\"panel-912-0-0-0\" class=\"so-panel widget widget_sow-editor panel-first-child panel-last-child\" data-index=\"0\" ><div style=\"text-align: left;\" data-title-color=\"#443f3f\" data-headings-color=\"#443f3f\" class=\"panel-widget-style panel-widget-style-for-912-0-0-0\" ><div\n\t\t\t\n\t\t\tclass=\"so-widget-sow-editor so-widget-sow-editor-base\"\n\t\t\t\n\t\t><h3 class=\"widget-title\">Vorstandschaft<\/h3>\n<div class=\"siteorigin-widget-tinymce textwidget\">\n\t<\/div>\n<\/div><\/div><\/div><\/div><\/div><\/div><div id=\"pg-912-1\"  class=\"panel-grid panel-has-style\" ><div style=\"padding: 0px 0; \" data-overlay=\"true\" data-overlay-color=\"#000000\" class=\"panel-row-style panel-row-style-for-912-1\" ><div id=\"pgc-912-1-0\"  class=\"panel-grid-cell\" ><div id=\"panel-912-1-0-0\" class=\"so-panel widget widget_black-studio-tinymce widget_black_studio_tinymce panel-first-child panel-last-child\" data-index=\"1\" ><div style=\"text-align: center;\" data-title-color=\"#443f3f\" data-headings-color=\"#443f3f\" class=\"panel-widget-style panel-widget-style-for-912-1-0-0\" ><div class=\"textwidget\"><p style=\"text-align: center;\"><span style=\"text-align: center;\"><a href=\"https:\/\/www.sg-griesingen.de\/wp-content\/uploads\/2018\/05\/empty.png\"><img loading=\"lazy\" decoding=\"async\" class=\"alignnone size-medium wp-image-3369\" src=\"https:\/\/www.sg-griesingen.de\/wp-content\/uploads\/2024\/04\/Nina-230x300.png\" alt=\"\" width=\"230\" height=\"300\" srcset=\"https:\/\/www.sg-griesingen.de\/wp-content\/uploads\/2024\/04\/Nina-230x300.png 230w, https:\/\/www.sg-griesingen.de\/wp-content\/uploads\/2024\/04\/Nina.png 302w\" sizes=\"auto, (max-width: 230px) 100vw, 230px\" \/><\/a><br \/>\nNina Gl\u00f6ckler<br \/>\n<\/span>Vorsitzende Finanzen<br \/>\n<a href=\"mailto:nina.gloeckler@sg-griesingen.de\">nina.gloeckler@sg-griesingen.de<\/a><\/p>\n<p style=\"text-align: center;\">\n<\/div><\/div><\/div><\/div><div id=\"pgc-912-1-1\"  class=\"panel-grid-cell\" ><div id=\"panel-912-1-1-0\" class=\"so-panel widget widget_black-studio-tinymce widget_black_studio_tinymce panel-first-child panel-last-child\" data-index=\"2\" ><div style=\"text-align: center;\" data-title-color=\"#443f3f\" data-headings-color=\"#443f3f\" class=\"panel-widget-style panel-widget-style-for-912-1-1-0\" ><div class=\"textwidget\"><p style=\"text-align: center;\"><img loading=\"lazy\" decoding=\"async\" class=\"alignnone size-medium wp-image-3521\" src=\"https:\/\/www.sg-griesingen.de\/wp-content\/uploads\/2024\/05\/Lea-233x300.png\" alt=\"\" width=\"233\" height=\"300\" srcset=\"https:\/\/www.sg-griesingen.de\/wp-content\/uploads\/2024\/05\/Lea-233x300.png 233w, https:\/\/www.sg-griesingen.de\/wp-content\/uploads\/2024\/05\/Lea-230x297.png 230w, https:\/\/www.sg-griesingen.de\/wp-content\/uploads\/2024\/05\/Lea.png 314w\" sizes=\"auto, (max-width: 233px) 100vw, 233px\" \/><br \/>\nLea Raiber<br \/>\nVorsitzende Aktiver Sportbetrieb<br \/>\n<a href=\"mailto:lea.raiber@sg-griesingen.de\">lea.raiber@sg-griesingen.de<\/a><\/p>\n<\/div><\/div><\/div><\/div><div id=\"pgc-912-1-2\"  class=\"panel-grid-cell\" ><div id=\"panel-912-1-2-0\" class=\"so-panel widget widget_black-studio-tinymce widget_black_studio_tinymce panel-first-child panel-last-child\" data-index=\"3\" ><div style=\"text-align: center;\" data-title-color=\"#443f3f\" data-headings-color=\"#443f3f\" class=\"panel-widget-style panel-widget-style-for-912-1-2-0\" ><div class=\"textwidget\"><p style=\"text-align: center;\"><a href=\"https:\/\/www.sg-griesingen.de\/wp-content\/uploads\/2018\/05\/empty.png\"><img loading=\"lazy\" decoding=\"async\" class=\"aligncenter wp-image-3520 size-medium\" src=\"https:\/\/www.sg-griesingen.de\/wp-content\/uploads\/2024\/05\/DAN-235x300.png\" alt=\"\" width=\"235\" height=\"300\" srcset=\"https:\/\/www.sg-griesingen.de\/wp-content\/uploads\/2024\/05\/DAN-235x300.png 235w, https:\/\/www.sg-griesingen.de\/wp-content\/uploads\/2024\/05\/DAN-230x293.png 230w, https:\/\/www.sg-griesingen.de\/wp-content\/uploads\/2024\/05\/DAN.png 320w\" sizes=\"auto, (max-width: 235px) 100vw, 235px\" \/><\/a>Daniel Str\u00f6bele<br \/>\nVorsitzender Administration<br \/>\n<a href=\"mailto:daniel.stroebele@sg-griesingen.de\">daniel.stroebele@sg-griesingen.de<\/a><\/p>\n<\/div><\/div><\/div><\/div><\/div><\/div><div id=\"pg-912-2\"  class=\"panel-grid panel-has-style\" ><div style=\"padding: 0px 0; \" data-overlay=\"true\" data-overlay-color=\"#000000\" class=\"panel-row-style panel-row-style-for-912-2\" ><div id=\"pgc-912-2-0\"  class=\"panel-grid-cell\" ><div id=\"panel-912-2-0-0\" class=\"so-panel widget widget_black-studio-tinymce widget_black_studio_tinymce panel-first-child panel-last-child\" data-index=\"4\" ><div style=\"text-align: center;\" data-title-color=\"#443f3f\" data-headings-color=\"#443f3f\" class=\"panel-widget-style panel-widget-style-for-912-2-0-0\" ><div class=\"textwidget\"><p style=\"text-align: center;\"><img loading=\"lazy\" decoding=\"async\" class=\"size-medium wp-image-3526 aligncenter\" src=\"https:\/\/www.sg-griesingen.de\/wp-content\/uploads\/2024\/05\/Nadine-239x300.png\" alt=\"\" width=\"239\" height=\"300\" srcset=\"https:\/\/www.sg-griesingen.de\/wp-content\/uploads\/2024\/05\/Nadine-239x300.png 239w, https:\/\/www.sg-griesingen.de\/wp-content\/uploads\/2024\/05\/Nadine-230x288.png 230w, https:\/\/www.sg-griesingen.de\/wp-content\/uploads\/2024\/05\/Nadine.png 304w\" sizes=\"auto, (max-width: 239px) 100vw, 239px\" \/><span style=\"text-align: center;\">Nadine Seifert<br \/>\n<\/span>Schriftf\u00fchrerin + Verwaltung Mitglieder<br \/>\n<a href=\"mailto:nadine.seifert@sg-griesingen.de\">nadine.seifert@sg-griesingen.de<\/a><\/p>\n<\/div><\/div><\/div><\/div><div id=\"pgc-912-2-1\"  class=\"panel-grid-cell\" ><div id=\"panel-912-2-1-0\" class=\"so-panel widget widget_black-studio-tinymce widget_black_studio_tinymce panel-first-child panel-last-child\" data-index=\"5\" ><div style=\"text-align: center;\" data-title-color=\"#443f3f\" data-headings-color=\"#443f3f\" class=\"panel-widget-style panel-widget-style-for-912-2-1-0\" ><div class=\"textwidget\"><p style=\"text-align: center;\"><img loading=\"lazy\" decoding=\"async\" class=\"alignnone size-medium wp-image-4232\" src=\"https:\/\/www.sg-griesingen.de\/wp-content\/uploads\/2025\/03\/Bild-unbekannt-228x342-1-200x300.jpg\" alt=\"\" width=\"200\" height=\"300\" srcset=\"https:\/\/www.sg-griesingen.de\/wp-content\/uploads\/2025\/03\/Bild-unbekannt-228x342-1-200x300.jpg 200w, https:\/\/www.sg-griesingen.de\/wp-content\/uploads\/2025\/03\/Bild-unbekannt-228x342-1.jpg 228w\" sizes=\"auto, (max-width: 200px) 100vw, 200px\" \/><\/p>\n<p style=\"text-align: center;\"><span style=\"text-align: center;\">Jenny Wilhelm<br \/>\n<\/span>Jugendvertreterin<\/p>\n<\/div><\/div><\/div><\/div><div id=\"pgc-912-2-2\"  class=\"panel-grid-cell\" ><div id=\"panel-912-2-2-0\" class=\"so-panel widget widget_black-studio-tinymce widget_black_studio_tinymce panel-first-child panel-last-child\" data-index=\"6\" ><div style=\"text-align: center;\" data-title-color=\"#443f3f\" data-headings-color=\"#443f3f\" class=\"panel-widget-style panel-widget-style-for-912-2-2-0\" ><div class=\"textwidget\"><p style=\"text-align: center;\"><span style=\"text-align: center;\"><img loading=\"lazy\" decoding=\"async\" class=\"alignnone size-medium wp-image-4195\" src=\"https:\/\/www.sg-griesingen.de\/wp-content\/uploads\/2025\/03\/Bild-unbekannt-219x300.jpg\" alt=\"\" width=\"219\" height=\"300\" srcset=\"https:\/\/www.sg-griesingen.de\/wp-content\/uploads\/2025\/03\/Bild-unbekannt-219x300.jpg 219w, https:\/\/www.sg-griesingen.de\/wp-content\/uploads\/2025\/03\/Bild-unbekannt-748x1024.jpg 748w, https:\/\/www.sg-griesingen.de\/wp-content\/uploads\/2025\/03\/Bild-unbekannt-768x1051.jpg 768w, https:\/\/www.sg-griesingen.de\/wp-content\/uploads\/2025\/03\/Bild-unbekannt-230x315.jpg 230w, https:\/\/www.sg-griesingen.de\/wp-content\/uploads\/2025\/03\/Bild-unbekannt-350x479.jpg 350w, https:\/\/www.sg-griesingen.de\/wp-content\/uploads\/2025\/03\/Bild-unbekannt-480x657.jpg 480w, https:\/\/www.sg-griesingen.de\/wp-content\/uploads\/2025\/03\/Bild-unbekannt.jpg 800w\" sizes=\"auto, (max-width: 219px) 100vw, 219px\" \/><\/span><\/p>\n<p style=\"text-align: center;\"><span style=\"text-align: center;\">Yanis Schirmer<br \/>\n<\/span>Jugendvertreter<\/p>\n<\/div><\/div><\/div><\/div><\/div><\/div><div id=\"pg-912-3\"  class=\"panel-grid panel-has-style\" ><div style=\"padding: 0px 0; \" data-overlay=\"true\" data-overlay-color=\"#000000\" class=\"panel-row-style panel-row-style-for-912-3\" ><div id=\"pgc-912-3-0\"  class=\"panel-grid-cell\" ><div id=\"panel-912-3-0-0\" class=\"so-panel widget widget_sow-editor panel-first-child panel-last-child\" data-index=\"7\" ><div style=\"text-align: left;\" data-title-color=\"#443f3f\" data-headings-color=\"#443f3f\" class=\"panel-widget-style panel-widget-style-for-912-3-0-0\" ><div\n\t\t\t\n\t\t\tclass=\"so-widget-sow-editor so-widget-sow-editor-base\"\n\t\t\t\n\t\t><h3 class=\"widget-title\">Beisitzer*innen<\/h3>\n<div class=\"siteorigin-widget-tinymce textwidget\">\n\t<\/div>\n<\/div><\/div><\/div><\/div><\/div><\/div><div id=\"pg-912-4\"  class=\"panel-grid panel-has-style\" ><div style=\"padding: 0px 0; \" data-overlay=\"true\" data-overlay-color=\"#000000\" class=\"panel-row-style panel-row-style-for-912-4\" ><div id=\"pgc-912-4-0\"  class=\"panel-grid-cell\" ><div id=\"panel-912-4-0-0\" class=\"so-panel widget widget_black-studio-tinymce widget_black_studio_tinymce panel-first-child panel-last-child\" data-index=\"8\" ><div style=\"text-align: left;\" data-title-color=\"#443f3f\" data-headings-color=\"#443f3f\" class=\"panel-widget-style panel-widget-style-for-912-4-0-0\" ><div class=\"textwidget\"><p style=\"text-align: center;\"><img loading=\"lazy\" decoding=\"async\" class=\"alignnone wp-image-3742\" src=\"https:\/\/www.sg-griesingen.de\/wp-content\/uploads\/2024\/05\/Tami3-1.png\" alt=\"\" width=\"250\" height=\"304\" srcset=\"https:\/\/www.sg-griesingen.de\/wp-content\/uploads\/2024\/05\/Tami3-1.png 286w, https:\/\/www.sg-griesingen.de\/wp-content\/uploads\/2024\/05\/Tami3-1-247x300.png 247w, https:\/\/www.sg-griesingen.de\/wp-content\/uploads\/2024\/05\/Tami3-1-230x280.png 230w\" sizes=\"auto, (max-width: 250px) 100vw, 250px\" \/><br \/>\nTamara Wilhelm<br \/>\nBeisitzerin<br \/>\nVerwaltung Sportheim<\/p>\n<\/div><\/div><\/div><\/div><div id=\"pgc-912-4-1\"  class=\"panel-grid-cell\" ><div id=\"panel-912-4-1-0\" class=\"so-panel widget widget_black-studio-tinymce widget_black_studio_tinymce panel-first-child panel-last-child\" data-index=\"9\" ><div style=\"text-align: center;\" data-title-color=\"#443f3f\" data-headings-color=\"#443f3f\" class=\"panel-widget-style panel-widget-style-for-912-4-1-0\" ><div class=\"textwidget\"><p style=\"text-align: center;\"><span style=\"text-align: center;\"><img loading=\"lazy\" decoding=\"async\" class=\"aligncenter wp-image-4662 size-medium\" src=\"https:\/\/www.sg-griesingen.de\/wp-content\/uploads\/2025\/06\/WhatsApp-Image-2025-06-11-at-22.10.33-1-e1750107668296-242x300.jpeg\" alt=\"\" width=\"242\" height=\"300\" srcset=\"https:\/\/www.sg-griesingen.de\/wp-content\/uploads\/2025\/06\/WhatsApp-Image-2025-06-11-at-22.10.33-1-e1750107668296-242x300.jpeg 242w, https:\/\/www.sg-griesingen.de\/wp-content\/uploads\/2025\/06\/WhatsApp-Image-2025-06-11-at-22.10.33-1-e1750107668296-230x285.jpeg 230w, https:\/\/www.sg-griesingen.de\/wp-content\/uploads\/2025\/06\/WhatsApp-Image-2025-06-11-at-22.10.33-1-e1750107668296.jpeg 250w\" sizes=\"auto, (max-width: 242px) 100vw, 242px\" \/>Julia H\u00f6\u00df<br \/>\nBeisitzerin<br \/>\n<\/span>Verwaltung Social Media<\/p>\n<\/div><\/div><\/div><\/div><div id=\"pgc-912-4-2\"  class=\"panel-grid-cell\" ><div id=\"panel-912-4-2-0\" class=\"so-panel widget widget_black-studio-tinymce widget_black_studio_tinymce panel-first-child panel-last-child\" data-index=\"10\" ><div style=\"text-align: center;\" data-title-color=\"#443f3f\" data-headings-color=\"#443f3f\" class=\"panel-widget-style panel-widget-style-for-912-4-2-0\" ><div class=\"textwidget\"><p style=\"text-align: center;\"><span style=\"text-align: center;\"><img loading=\"lazy\" decoding=\"async\" class=\"alignnone wp-image-3721\" src=\"https:\/\/www.sg-griesingen.de\/wp-content\/uploads\/2024\/05\/Michi2-247x300.png\" alt=\"\" width=\"250\" height=\"304\" srcset=\"https:\/\/www.sg-griesingen.de\/wp-content\/uploads\/2024\/05\/Michi2-247x300.png 247w, https:\/\/www.sg-griesingen.de\/wp-content\/uploads\/2024\/05\/Michi2-230x280.png 230w, https:\/\/www.sg-griesingen.de\/wp-content\/uploads\/2024\/05\/Michi2.png 286w\" sizes=\"auto, (max-width: 250px) 100vw, 250px\" \/><br \/>\nMichael H\u00f6\u00df<\/span><br \/>\nBeisitzer<br \/>\nVerwaltung Homepage + Post<\/p>\n<\/div><\/div><\/div><\/div><div id=\"pgc-912-4-3\"  class=\"panel-grid-cell\" ><div id=\"panel-912-4-3-0\" class=\"so-panel widget widget_black-studio-tinymce widget_black_studio_tinymce panel-first-child panel-last-child\" data-index=\"11\" ><div style=\"text-align: center;\" data-title-color=\"#443f3f\" data-headings-color=\"#443f3f\" class=\"panel-widget-style panel-widget-style-for-912-4-3-0\" ><div class=\"textwidget\"><p style=\"text-align: center;\"><img loading=\"lazy\" decoding=\"async\" class=\"alignnone size-medium wp-image-3700\" src=\"https:\/\/www.sg-griesingen.de\/wp-content\/uploads\/2024\/05\/TT11-207x300.jpg\" alt=\"\" width=\"207\" height=\"300\" srcset=\"https:\/\/www.sg-griesingen.de\/wp-content\/uploads\/2024\/05\/TT11-207x300.jpg 207w, https:\/\/www.sg-griesingen.de\/wp-content\/uploads\/2024\/05\/TT11-705x1024.jpg 705w, https:\/\/www.sg-griesingen.de\/wp-content\/uploads\/2024\/05\/TT11-768x1115.jpg 768w, https:\/\/www.sg-griesingen.de\/wp-content\/uploads\/2024\/05\/TT11-230x334.jpg 230w, https:\/\/www.sg-griesingen.de\/wp-content\/uploads\/2024\/05\/TT11-350x508.jpg 350w, https:\/\/www.sg-griesingen.de\/wp-content\/uploads\/2024\/05\/TT11-480x697.jpg 480w, https:\/\/www.sg-griesingen.de\/wp-content\/uploads\/2024\/05\/TT11.jpg 933w\" sizes=\"auto, (max-width: 207px) 100vw, 207px\" \/><br \/>\nThomas Traub<br \/>\nBeisitzer<br \/>\nSonstiges<\/p>\n<\/div><\/div><\/div><\/div><\/div><\/div><div id=\"pg-912-5\"  class=\"panel-grid panel-has-style\" ><div style=\"padding: 0px 0; \" data-overlay=\"true\" data-overlay-color=\"#000000\" class=\"panel-row-style panel-row-style-for-912-5\" ><div id=\"pgc-912-5-0\"  class=\"panel-grid-cell\" ><div id=\"panel-912-5-0-0\" class=\"so-panel widget widget_sow-editor panel-first-child panel-last-child\" data-index=\"12\" ><div style=\"text-align: left;\" data-title-color=\"#443f3f\" data-headings-color=\"#443f3f\" class=\"panel-widget-style panel-widget-style-for-912-5-0-0\" ><div\n\t\t\t\n\t\t\tclass=\"so-widget-sow-editor so-widget-sow-editor-base\"\n\t\t\t\n\t\t><h3 class=\"widget-title\">Abteilungsleiter*innen<\/h3>\n<div class=\"siteorigin-widget-tinymce textwidget\">\n\t<\/div>\n<\/div><\/div><\/div><\/div><\/div><\/div><div id=\"pg-912-6\"  class=\"panel-grid panel-has-style\" ><div style=\"padding: 0px 0; \" data-overlay=\"true\" data-overlay-color=\"#000000\" class=\"panel-row-style panel-row-style-for-912-6\" ><div id=\"pgc-912-6-0\"  class=\"panel-grid-cell\" ><div id=\"panel-912-6-0-0\" class=\"so-panel widget widget_black-studio-tinymce widget_black_studio_tinymce panel-first-child panel-last-child\" data-index=\"13\" ><div style=\"text-align: left;\" data-title-color=\"#443f3f\" data-headings-color=\"#443f3f\" class=\"panel-widget-style panel-widget-style-for-912-6-0-0\" ><div class=\"textwidget\"><p style=\"text-align: center;\"><img loading=\"lazy\" decoding=\"async\" class=\"alignnone size-full wp-image-4236\" src=\"https:\/\/www.sg-griesingen.de\/wp-content\/uploads\/2025\/03\/Raphi-228x300-1.png\" alt=\"\" width=\"228\" height=\"300\" \/><br \/>\nRaphael Brunner<br \/>\nAbteilungsleiter Fu\u00dfball<\/p>\n<\/div><\/div><\/div><\/div><div id=\"pgc-912-6-1\"  class=\"panel-grid-cell\" ><div id=\"panel-912-6-1-0\" class=\"so-panel widget widget_black-studio-tinymce widget_black_studio_tinymce panel-first-child panel-last-child\" data-index=\"14\" ><div style=\"text-align: left;\" data-title-color=\"#443f3f\" data-headings-color=\"#443f3f\" class=\"panel-widget-style panel-widget-style-for-912-6-1-0\" ><div class=\"textwidget\"><p style=\"text-align: center;\"><img loading=\"lazy\" decoding=\"async\" class=\"alignnone wp-image-4195\" src=\"https:\/\/www.sg-griesingen.de\/wp-content\/uploads\/2025\/03\/Bild-unbekannt-219x300.jpg\" alt=\"\" width=\"228\" height=\"312\" srcset=\"https:\/\/www.sg-griesingen.de\/wp-content\/uploads\/2025\/03\/Bild-unbekannt-219x300.jpg 219w, https:\/\/www.sg-griesingen.de\/wp-content\/uploads\/2025\/03\/Bild-unbekannt-748x1024.jpg 748w, https:\/\/www.sg-griesingen.de\/wp-content\/uploads\/2025\/03\/Bild-unbekannt-768x1051.jpg 768w, https:\/\/www.sg-griesingen.de\/wp-content\/uploads\/2025\/03\/Bild-unbekannt-230x315.jpg 230w, https:\/\/www.sg-griesingen.de\/wp-content\/uploads\/2025\/03\/Bild-unbekannt-350x479.jpg 350w, https:\/\/www.sg-griesingen.de\/wp-content\/uploads\/2025\/03\/Bild-unbekannt-480x657.jpg 480w, https:\/\/www.sg-griesingen.de\/wp-content\/uploads\/2025\/03\/Bild-unbekannt.jpg 800w\" sizes=\"auto, (max-width: 228px) 100vw, 228px\" \/><br \/>\nAndreas Seifert<br \/>\nAbteilungsleiter Tischtennis<\/p>\n<\/div><\/div><\/div><\/div><div id=\"pgc-912-6-2\"  class=\"panel-grid-cell\" ><div id=\"panel-912-6-2-0\" class=\"so-panel widget widget_black-studio-tinymce widget_black_studio_tinymce panel-first-child panel-last-child\" data-index=\"15\" ><div style=\"text-align: left;\" data-title-color=\"#443f3f\" data-headings-color=\"#443f3f\" class=\"panel-widget-style panel-widget-style-for-912-6-2-0\" ><div class=\"textwidget\"><p style=\"text-align: center;\"><img loading=\"lazy\" decoding=\"async\" class=\"alignnone size-full wp-image-4234\" src=\"https:\/\/www.sg-griesingen.de\/wp-content\/uploads\/2025\/03\/Siege-228x287-1.png\" alt=\"\" width=\"228\" height=\"287\" \/><br \/>\nSiegfried Rieder<br \/>\nAbteilungsleiter Jederm\u00e4nner<\/p>\n<\/div><\/div><\/div><\/div><div id=\"pgc-912-6-3\"  class=\"panel-grid-cell\" ><div id=\"panel-912-6-3-0\" class=\"so-panel widget widget_black-studio-tinymce widget_black_studio_tinymce panel-first-child panel-last-child\" data-index=\"16\" ><div style=\"text-align: left;\" data-title-color=\"#443f3f\" data-headings-color=\"#443f3f\" class=\"panel-widget-style panel-widget-style-for-912-6-3-0\" ><div class=\"textwidget\"><p style=\"text-align: center;\"><img loading=\"lazy\" decoding=\"async\" class=\"alignnone size-full wp-image-4231\" src=\"https:\/\/www.sg-griesingen.de\/wp-content\/uploads\/2025\/03\/andrea-228x286-1.png\" alt=\"\" width=\"228\" height=\"286\" \/><br \/>\nAndrea Hilsenbeck<br \/>\nAbteilungsleiterin Gymnastik<\/p>\n<\/div><\/div><\/div><\/div><div id=\"pgc-912-6-4\"  class=\"panel-grid-cell\" ><div id=\"panel-912-6-4-0\" class=\"so-panel widget widget_black-studio-tinymce widget_black_studio_tinymce panel-first-child panel-last-child\" data-index=\"17\" ><div style=\"text-align: left;\" data-title-color=\"#443f3f\" data-headings-color=\"#443f3f\" class=\"panel-widget-style panel-widget-style-for-912-6-4-0\" ><div class=\"textwidget\"><p style=\"text-align: center;\"><img loading=\"lazy\" decoding=\"async\" class=\"alignnone size-medium wp-image-4232\" src=\"https:\/\/www.sg-griesingen.de\/wp-content\/uploads\/2025\/03\/Bild-unbekannt-228x342-1-200x300.jpg\" alt=\"\" width=\"200\" height=\"300\" srcset=\"https:\/\/www.sg-griesingen.de\/wp-content\/uploads\/2025\/03\/Bild-unbekannt-228x342-1-200x300.jpg 200w, https:\/\/www.sg-griesingen.de\/wp-content\/uploads\/2025\/03\/Bild-unbekannt-228x342-1.jpg 228w\" sizes=\"auto, (max-width: 200px) 100vw, 200px\" \/><\/p>\n<p style=\"text-align: center;\">Ramona G\u00f6tz-Burgmaier<br \/>\nAbteilungsleiterin Tanzen<\/p>\n<\/div><\/div><\/div><\/div><\/div><\/div><div id=\"pg-912-7\"  class=\"panel-grid panel-has-style\" ><div style=\"padding: 0px 0; \" data-overlay=\"true\" data-overlay-color=\"#000000\" class=\"panel-row-style panel-row-style-for-912-7\" ><div id=\"pgc-912-7-0\"  class=\"panel-grid-cell\" ><div id=\"panel-912-7-0-0\" class=\"so-panel widget widget_media_image panel-first-child panel-last-child\" data-index=\"18\" ><div style=\"text-align: left;\" data-title-color=\"#443f3f\" data-headings-color=\"#443f3f\" class=\"panel-widget-style panel-widget-style-for-912-7-0-0\" ><h3 class=\"widget-title\">Vereinsstruktur<\/h3><img loading=\"lazy\" decoding=\"async\" width=\"960\" height=\"509\" src=\"https:\/\/www.sg-griesingen.de\/wp-content\/uploads\/2024\/05\/Veriensstruktur.png\" class=\"image wp-image-3634  attachment-full size-full\" alt=\"\" style=\"max-width: 100%; height: auto;\" title=\"Vorstandschaft\" srcset=\"https:\/\/www.sg-griesingen.de\/wp-content\/uploads\/2024\/05\/Veriensstruktur.png 960w, https:\/\/www.sg-griesingen.de\/wp-content\/uploads\/2024\/05\/Veriensstruktur-300x159.png 300w, https:\/\/www.sg-griesingen.de\/wp-content\/uploads\/2024\/05\/Veriensstruktur-768x407.png 768w, https:\/\/www.sg-griesingen.de\/wp-content\/uploads\/2024\/05\/Veriensstruktur-230x122.png 230w, https:\/\/www.sg-griesingen.de\/wp-content\/uploads\/2024\/05\/Veriensstruktur-350x186.png 350w, https:\/\/www.sg-griesingen.de\/wp-content\/uploads\/2024\/05\/Veriensstruktur-480x255.png 480w\" sizes=\"auto, (max-width: 960px) 100vw, 960px\" \/><\/div><\/div><\/div><\/div><\/div><div id=\"pg-912-8\"  class=\"panel-grid panel-has-style\" ><div style=\"padding: 100px 0; \" data-overlay=\"true\" data-overlay-color=\"#000000\" class=\"panel-row-style panel-row-style-for-912-8\" ><div id=\"pgc-912-8-0\"  class=\"panel-grid-cell\" ><div id=\"panel-912-8-0-0\" class=\"so-panel widget widget_media_image panel-first-child\" data-index=\"19\" ><div style=\"text-align: left;\" data-title-color=\"#443f3f\" data-headings-color=\"#443f3f\" class=\"panel-widget-style panel-widget-style-for-912-8-0-0\" ><img loading=\"lazy\" decoding=\"async\" width=\"1024\" height=\"768\" src=\"https:\/\/www.sg-griesingen.de\/wp-content\/uploads\/2025\/03\/Ausschuss-1024x768.jpeg\" class=\"image wp-image-4239  attachment-large size-large\" alt=\"\" style=\"max-width: 100%; height: auto;\" title=\"Vorstandschaft\" srcset=\"https:\/\/www.sg-griesingen.de\/wp-content\/uploads\/2025\/03\/Ausschuss-1024x768.jpeg 1024w, https:\/\/www.sg-griesingen.de\/wp-content\/uploads\/2025\/03\/Ausschuss-300x225.jpeg 300w, https:\/\/www.sg-griesingen.de\/wp-content\/uploads\/2025\/03\/Ausschuss-768x576.jpeg 768w, https:\/\/www.sg-griesingen.de\/wp-content\/uploads\/2025\/03\/Ausschuss-1536x1152.jpeg 1536w, https:\/\/www.sg-griesingen.de\/wp-content\/uploads\/2025\/03\/Ausschuss-1000x750.jpeg 1000w, https:\/\/www.sg-griesingen.de\/wp-content\/uploads\/2025\/03\/Ausschuss-230x173.jpeg 230w, https:\/\/www.sg-griesingen.de\/wp-content\/uploads\/2025\/03\/Ausschuss-350x263.jpeg 350w, https:\/\/www.sg-griesingen.de\/wp-content\/uploads\/2025\/03\/Ausschuss-480x360.jpeg 480w, https:\/\/www.sg-griesingen.de\/wp-content\/uploads\/2025\/03\/Ausschuss.jpeg 1600w\" sizes=\"auto, (max-width: 1024px) 100vw, 1024px\" \/><\/div><\/div><div id=\"panel-912-8-0-1\" class=\"so-panel widget widget_text panel-last-child\" data-index=\"20\" ><div style=\"text-align: left;\" data-title-color=\"#443f3f\" data-headings-color=\"#443f3f\" class=\"panel-widget-style panel-widget-style-for-912-8-0-1\" >\t\t\t<div class=\"textwidget\"><p><strong>Stand 2025<\/strong><\/p>\n<p>Hinten von Links: Andrea Hilsenbeck, Ramona G\u00f6tz-Burgmaier, Tamara Wilhelm, Nina Gl\u00f6ckler, Siegfried Rieder, Lukas Uhlmann, Michael H\u00f6\u00df,\u00a0 \u00a0 \u00a0 \u00a0 \u00a0 \u00a0 \u00a0 \u00a0 \u00a0 \u00a0 \u00a0 \u00a0 \u00a0 \u00a0 \u00a0 \u00a0 \u00a0 \u00a0 \u00a0 \u00a0 \u00a0 \u00a0 \u00a0 \u00a0 \u00a0 \u00a0 \u00a0 \u00a0 \u00a0 \u00a0 Lea Raiber, Holger Schirmer (ehem.), Julia H\u00f6\u00df<\/p>\n<p>Vorne von Links: Raphael Brunner, Tobias Knupfer, Patrick Werner (ehem.), Dominic Brunner (ehem.), Thomas Traub, Daniel Str\u00f6bele<\/p>\n<p>Es fehlen:\u00a0 \u00a0 \u00a0 \u00a0 \u00a0 \u00a0 Sabrina Mast, Nadine Seifert<\/p>\n<\/div>\n\t\t<\/div><\/div><\/div><\/div><\/div><\/div>","protected":false},"excerpt":{"rendered":"<p>Nina Gl\u00f6ckler Vorsitzende Finanzen nina.gloeckler@sg-griesingen.de Lea Raiber Vorsitzende Aktiver Sportbetrieb lea.raiber@sg-griesingen.de Daniel Str\u00f6bele Vorsitzender Administration daniel.stroebele@sg-griesingen.de<\/p>\n","protected":false},"author":1,"featured_media":0,"parent":0,"menu_order":0,"comment_status":"closed","ping_status":"closed","template":"page-templates\/page_fullwidth.php","meta":{"_monsterinsights_skip_tracking":false,"_monsterinsights_sitenote_active":false,"_monsterinsights_sitenote_note":"","_monsterinsights_sitenote_category":0,"footnotes":""},"class_list":["post-912","page","type-page","status-publish","hentry"],"_links":{"self":[{"href":"https:\/\/www.sg-griesingen.de\/index.php\/wp-json\/wp\/v2\/pages\/912","targetHints":{"allow":["GET"]}}],"collection":[{"href":"https:\/\/www.sg-griesingen.de\/index.php\/wp-json\/wp\/v2\/pages"}],"about":[{"href":"https:\/\/www.sg-griesingen.de\/index.php\/wp-json\/wp\/v2\/types\/page"}],"author":[{"embeddable":true,"href":"https:\/\/www.sg-griesingen.de\/index.php\/wp-json\/wp\/v2\/users\/1"}],"replies":[{"embeddable":true,"href":"https:\/\/www.sg-griesingen.de\/index.php\/wp-json\/wp\/v2\/comments?post=912"}],"version-history":[{"count":140,"href":"https:\/\/www.sg-griesingen.de\/index.php\/wp-json\/wp\/v2\/pages\/912\/revisions"}],"predecessor-version":[{"id":5095,"href":"https:\/\/www.sg-griesingen.de\/index.php\/wp-json\/wp\/v2\/pages\/912\/revisions\/5095"}],"wp:attachment":[{"href":"https:\/\/www.sg-griesingen.de\/index.php\/wp-json\/wp\/v2\/media?parent=912"}],"curies":[{"name":"wp","href":"https:\/\/api.w.org\/{rel}","templated":true}]}}